{"id":1963,"date":"2026-08-31T09:38:42","date_gmt":"2026-08-31T07:38:42","guid":{"rendered":"https:\/\/franruizarquitectos.com\/?post_type=proyectos&#038;p=1963"},"modified":"2026-08-31T09:43:07","modified_gmt":"2026-08-31T07:43:07","slug":"centro-sociocultural-la-platea","status":"publish","type":"proyectos","link":"https:\/\/franruizarquitectos.com\/en\/proyectos\/centro-sociocultural-la-platea\/","title":{"rendered":"Centro Sociocultural LA PLATEA"},"content":{"rendered":"\t\t<div data-elementor-type=\"wp-post\" data-elementor-id=\"1963\" class=\"elementor elementor-1963\" data-elementor-post-type=\"proyectos\">\n\t\t\t\t<div class=\"elementor-element elementor-element-613178fc e-con-full e-flex e-con e-parent\" data-id=\"613178fc\" data-element_type=\"container\" data-e-type=\"container\">\n\t\t\t\t<div class=\"elementor-element elementor-element-4150c16d elementor-widget elementor-widget-image\" data-id=\"4150c16d\" data-element_type=\"widget\" data-e-type=\"widget\" data-widget_type=\"image.default\">\n\t\t\t\t\t\t\t\t\t\t\t\t\t\t\t<img fetchpriority=\"high\" decoding=\"async\" width=\"2560\" height=\"1707\" src=\"https:\/\/franruizarquitectos.com\/wp-content\/uploads\/2026\/08\/20220223_902021_LA-PLATEA_EXTERIOR-_ATARDECER-copia-scaled.jpg\" class=\"attachment-full size-full wp-image-1968\" alt=\"\" srcset=\"https:\/\/franruizarquitectos.com\/wp-content\/uploads\/2026\/08\/20220223_902021_LA-PLATEA_EXTERIOR-_ATARDECER-copia-scaled.jpg 2560w, https:\/\/franruizarquitectos.com\/wp-content\/uploads\/2026\/08\/20220223_902021_LA-PLATEA_EXTERIOR-_ATARDECER-copia-300x200.jpg 300w, https:\/\/franruizarquitectos.com\/wp-content\/uploads\/2026\/08\/20220223_902021_LA-PLATEA_EXTERIOR-_ATARDECER-copia-1024x683.jpg 1024w, https:\/\/franruizarquitectos.com\/wp-content\/uploads\/2026\/08\/20220223_902021_LA-PLATEA_EXTERIOR-_ATARDECER-copia-768x512.jpg 768w, https:\/\/franruizarquitectos.com\/wp-content\/uploads\/2026\/08\/20220223_902021_LA-PLATEA_EXTERIOR-_ATARDECER-copia-1536x1024.jpg 1536w, https:\/\/franruizarquitectos.com\/wp-content\/uploads\/2026\/08\/20220223_902021_LA-PLATEA_EXTERIOR-_ATARDECER-copia-2048x1365.jpg 2048w\" sizes=\"(max-width: 2560px) 100vw, 2560px\">\t\t\t\t\t\t\t\t\t\t\t\t\t\t\t<\/div>\n\t\t\t\t<div class=\"elementor-element elementor-element-7e1faddf elementor-widget elementor-widget-heading\" data-id=\"7e1faddf\" data-element_type=\"widget\" data-e-type=\"widget\" data-widget_type=\"heading.default\">\n\t\t\t\t\t<h2 class=\"elementor-heading-title elementor-size-default\"> Fran Ruiz Arquitectos<\/h2>\t\t\t\t<\/div>\n\t\t\t\t<div class=\"elementor-element elementor-element-23db0682 elementor-widget elementor-widget-heading\" data-id=\"23db0682\" data-element_type=\"widget\" data-e-type=\"widget\" data-widget_type=\"heading.default\">\n\t\t\t\t\t<h2 class=\"elementor-heading-title elementor-size-default\">Centro Sociocultural LA PLATEA<\/h2>\t\t\t\t<\/div>\n\t\t<div class=\"elementor-element elementor-element-65cd18ea e-flex e-con-boxed e-con e-child\" data-id=\"65cd18ea\" data-element_type=\"container\" data-e-type=\"container\">\n\t\t\t\t\t<div class=\"e-con-inner\">\n\t\t<div class=\"elementor-element elementor-element-7fd38a9 e-con-full e-flex e-con e-child\" data-id=\"7fd38a9\" data-element_type=\"container\" data-e-type=\"container\" data-settings=\"{&quot;background_background&quot;:&quot;classic&quot;}\">\n\t\t\t\t<div class=\"elementor-element elementor-element-30745925 tit_ elementor-widget elementor-widget-heading\" data-id=\"30745925\" data-element_type=\"widget\" data-e-type=\"widget\" data-widget_type=\"heading.default\">\n\t\t\t\t\t<div class=\"elementor-heading-title elementor-size-default\">A\u00d1O<\/div>\t\t\t\t<\/div>\n\t\t\t\t<div class=\"elementor-element elementor-element-3ee1a893 elementor-widget elementor-widget-heading\" data-id=\"3ee1a893\" data-element_type=\"widget\" data-e-type=\"widget\" data-widget_type=\"heading.default\">\n\t\t\t\t\t<div class=\"elementor-heading-title elementor-size-default\">2021<\/div>\t\t\t\t<\/div>\n\t\t\t\t<\/div>\n\t\t<div class=\"elementor-element elementor-element-5786a650 e-con-full e-flex e-con e-child\" data-id=\"5786a650\" data-element_type=\"container\" data-e-type=\"container\" data-settings=\"{&quot;background_background&quot;:&quot;classic&quot;}\">\n\t\t\t\t<div class=\"elementor-element elementor-element-64f4130f tit_ elementor-widget elementor-widget-heading\" data-id=\"64f4130f\" data-element_type=\"widget\" data-e-type=\"widget\" data-widget_type=\"heading.default\">\n\t\t\t\t\t<div class=\"elementor-heading-title elementor-size-default\"> LOCALIZACI\u00d3N <\/div>\t\t\t\t<\/div>\n\t\t\t\t<div class=\"elementor-element elementor-element-3f250463 elementor-widget elementor-widget-heading\" data-id=\"3f250463\" data-element_type=\"widget\" data-e-type=\"widget\" data-widget_type=\"heading.default\">\n\t\t\t\t\t<div class=\"elementor-heading-title elementor-size-default\">ALHAUR\u00cdN DE LA TORRE<\/div>\t\t\t\t<\/div>\n\t\t\t\t<\/div>\n\t\t<div class=\"elementor-element elementor-element-231f89 e-con-full e-flex e-con e-child\" data-id=\"231f89\" data-element_type=\"container\" data-e-type=\"container\" data-settings=\"{&quot;background_background&quot;:&quot;classic&quot;}\">\n\t\t\t\t<div class=\"elementor-element elementor-element-5d2ca8e8 tit_ elementor-widget elementor-widget-heading\" data-id=\"5d2ca8e8\" data-element_type=\"widget\" data-e-type=\"widget\" data-widget_type=\"heading.default\">\n\t\t\t\t\t<div class=\"elementor-heading-title elementor-size-default\"> CATEGORIA <\/div>\t\t\t\t<\/div>\n\t\t\t\t<div class=\"elementor-element elementor-element-4d647786 elementor-widget elementor-widget-heading\" data-id=\"4d647786\" data-element_type=\"widget\" data-e-type=\"widget\" data-widget_type=\"heading.default\">\n\t\t\t\t\t<div class=\"elementor-heading-title elementor-size-default\">Centro Sociocultural<\/div>\t\t\t\t<\/div>\n\t\t\t\t<\/div>\n\t\t<div class=\"elementor-element elementor-element-5d5343f8 e-con-full e-flex e-con e-child\" data-id=\"5d5343f8\" data-element_type=\"container\" data-e-type=\"container\" data-settings=\"{&quot;background_background&quot;:&quot;classic&quot;}\">\n\t\t\t\t<div class=\"elementor-element elementor-element-4990e5b0 tit_ elementor-widget elementor-widget-heading\" data-id=\"4990e5b0\" data-element_type=\"widget\" data-e-type=\"widget\" data-widget_type=\"heading.default\">\n\t\t\t\t\t<div class=\"elementor-heading-title elementor-size-default\"> ARQUITECTO <\/div>\t\t\t\t<\/div>\n\t\t\t\t<div class=\"elementor-element elementor-element-3f18af88 elementor-widget elementor-widget-heading\" data-id=\"3f18af88\" data-element_type=\"widget\" data-e-type=\"widget\" data-widget_type=\"heading.default\">\n\t\t\t\t\t<div class=\"elementor-heading-title elementor-size-default\">\n\nFran Ruiz Arquitectos\n<\/div>\t\t\t\t<\/div>\n\t\t\t\t<\/div>\n\t\t\t\t\t<\/div>\n\t\t\t\t<\/div>\n\t\t\t\t<div class=\"elementor-element elementor-element-68abefac elementor-widget elementor-widget-image\" data-id=\"68abefac\" data-element_type=\"widget\" data-e-type=\"widget\" data-widget_type=\"image.default\">\n\t\t\t\t\t\t\t\t\t\t\t\t\t\t\t<img decoding=\"async\" width=\"2560\" height=\"1493\" src=\"https:\/\/franruizarquitectos.com\/wp-content\/uploads\/2026\/08\/20220223_902021_LA-PLATEA_EXTERIOR_FRONTAL-_ATARDECER-copia-scaled.jpg\" class=\"attachment-full size-full wp-image-1970\" alt=\"\" srcset=\"https:\/\/franruizarquitectos.com\/wp-content\/uploads\/2026\/08\/20220223_902021_LA-PLATEA_EXTERIOR_FRONTAL-_ATARDECER-copia-scaled.jpg 2560w, https:\/\/franruizarquitectos.com\/wp-content\/uploads\/2026\/08\/20220223_902021_LA-PLATEA_EXTERIOR_FRONTAL-_ATARDECER-copia-300x175.jpg 300w, https:\/\/franruizarquitectos.com\/wp-content\/uploads\/2026\/08\/20220223_902021_LA-PLATEA_EXTERIOR_FRONTAL-_ATARDECER-copia-1024x597.jpg 1024w, https:\/\/franruizarquitectos.com\/wp-content\/uploads\/2026\/08\/20220223_902021_LA-PLATEA_EXTERIOR_FRONTAL-_ATARDECER-copia-768x448.jpg 768w, https:\/\/franruizarquitectos.com\/wp-content\/uploads\/2026\/08\/20220223_902021_LA-PLATEA_EXTERIOR_FRONTAL-_ATARDECER-copia-1536x896.jpg 1536w, https:\/\/franruizarquitectos.com\/wp-content\/uploads\/2026\/08\/20220223_902021_LA-PLATEA_EXTERIOR_FRONTAL-_ATARDECER-copia-2048x1195.jpg 2048w\" sizes=\"(max-width: 2560px) 100vw, 2560px\">\t\t\t\t\t\t\t\t\t\t\t\t\t\t\t<\/div>\n\t\t\t\t<div class=\"elementor-element elementor-element-2eeee2 elementor-widget__width-initial elementor-widget elementor-widget-text-editor\" data-id=\"2eeee2\" data-element_type=\"widget\" data-e-type=\"widget\" data-widget_type=\"text-editor.default\">\n\t\t\t\t\t\t\t\t\t<p>Enclavado en un entorno residencial privilegiado en el barrio de Retamar, el proyecto de reforma y ampliaci\u00f3n del Centro Sociocultural La Platea redefine la experiencia de la equipaci\u00f3n p\u00fablica a trav\u00e9s de un concepto de arquitectura contempor\u00e1nea, donde volumen, paisaje y comunidad conviven en perfecta armon\u00eda. El proyecto nace con la voluntad de transformar un espacio comunitario existente en un hito arquitect\u00f3nico e integrador sin renunciar al dise\u00f1o, la funcionalidad y las prestaciones propias de un equipamiento institucional de alta gama.<\/p><p>El complejo se organiza alrededor de una estructura de dos niveles con un volumen superior en voladizo. En planta baja, un basamento tect\u00f3nico de hormig\u00f3n alberga los accesos y n\u00facleos de servicios, mientras que la planta primera se abre al exterior mediante un gran muro cortina curvo protegido por lamas verticales. Las estancias interiores, concebidas como espacios amplios y flexibles, ofrecen confort t\u00e9rmico, ac\u00fastico y una relaci\u00f3n directa con el entorno. Cada \u00e1rea ha sido dise\u00f1ada para maximizar la entrada de luz natural, el control solar y la sensaci\u00f3n de calidez.<\/p><p>El programa incorpora una amplia oferta de servicios pensados para una experiencia comunitaria completa y vers\u00e1til: zonas de restauraci\u00f3n, despachos, talleres, asociaciones, almacenes y terrazas entre otros. El interiorismo destaca por el uso de paramentos de roble y techos de hormig\u00f3n entablado con luminarias continuas, creando una atm\u00f3sfera serena e id\u00f3nea para el encuentro, la cultura y la gesti\u00f3n municipal.<\/p><p>La iluminaci\u00f3n arquitect\u00f3nica y paisaj\u00edstica desempe\u00f1a un papel fundamental en la identidad del proyecto, creando ambientes c\u00e1lidos y acogedores durante la noche. Mediante fosas de luz indirecta y proyectores rasantes en el basamento, el edificio se transforma al atardecer en una &#8220;linterna urbana&#8221; que refuerza la integraci\u00f3n del conjunto con el paisaje de Retamar.<\/p><p>M\u00e1s all\u00e1 de un centro social tradicional, el proyecto plantea una nueva forma de habitar el espacio p\u00fablico: una experiencia de cohesi\u00f3n, sostenibilidad y dise\u00f1o a trav\u00e9s de una arquitectura serena, elegante y profundamente vinculada al lugar.<\/p>\t\t\t\t\t\t\t\t<\/div>\n\t\t\t\t<div class=\"elementor-element elementor-element-6d8208 elementor-widget elementor-widget-image\" data-id=\"6d8208\" data-element_type=\"widget\" data-e-type=\"widget\" data-widget_type=\"image.default\">\n\t\t\t\t\t\t\t\t\t\t\t\t\t\t\t<img decoding=\"async\" width=\"2560\" height=\"1493\" src=\"https:\/\/franruizarquitectos.com\/wp-content\/uploads\/2026\/08\/20220223_902021_LA-PLATEA_EXTERIOR_FRONTAL-_DIURNO-copia-scaled.jpg\" class=\"attachment-full size-full wp-image-1965\" alt=\"\" srcset=\"https:\/\/franruizarquitectos.com\/wp-content\/uploads\/2026\/08\/20220223_902021_LA-PLATEA_EXTERIOR_FRONTAL-_DIURNO-copia-scaled.jpg 2560w, https:\/\/franruizarquitectos.com\/wp-content\/uploads\/2026\/08\/20220223_902021_LA-PLATEA_EXTERIOR_FRONTAL-_DIURNO-copia-300x175.jpg 300w, https:\/\/franruizarquitectos.com\/wp-content\/uploads\/2026\/08\/20220223_902021_LA-PLATEA_EXTERIOR_FRONTAL-_DIURNO-copia-1024x597.jpg 1024w, https:\/\/franruizarquitectos.com\/wp-content\/uploads\/2026\/08\/20220223_902021_LA-PLATEA_EXTERIOR_FRONTAL-_DIURNO-copia-768x448.jpg 768w, https:\/\/franruizarquitectos.com\/wp-content\/uploads\/2026\/08\/20220223_902021_LA-PLATEA_EXTERIOR_FRONTAL-_DIURNO-copia-1536x896.jpg 1536w, https:\/\/franruizarquitectos.com\/wp-content\/uploads\/2026\/08\/20220223_902021_LA-PLATEA_EXTERIOR_FRONTAL-_DIURNO-copia-2048x1195.jpg 2048w\" sizes=\"(max-width: 2560px) 100vw, 2560px\">\t\t\t\t\t\t\t\t\t\t\t\t\t\t\t<\/div>\n\t\t\t\t<div class=\"elementor-element elementor-element-233ffcd elementor-widget elementor-widget-image\" data-id=\"233ffcd\" data-element_type=\"widget\" data-e-type=\"widget\" data-widget_type=\"image.default\">\n\t\t\t\t\t\t\t\t\t\t\t\t\t\t\t<img loading=\"lazy\" decoding=\"async\" width=\"2560\" height=\"1707\" src=\"https:\/\/franruizarquitectos.com\/wp-content\/uploads\/2026\/08\/20220223_902021_LA-PLATEA_INTERIOR_02-copia-scaled.jpg\" class=\"attachment-full size-full wp-image-1967\" alt=\"\" srcset=\"https:\/\/franruizarquitectos.com\/wp-content\/uploads\/2026\/08\/20220223_902021_LA-PLATEA_INTERIOR_02-copia-scaled.jpg 2560w, https:\/\/franruizarquitectos.com\/wp-content\/uploads\/2026\/08\/20220223_902021_LA-PLATEA_INTERIOR_02-copia-300x200.jpg 300w, https:\/\/franruizarquitectos.com\/wp-content\/uploads\/2026\/08\/20220223_902021_LA-PLATEA_INTERIOR_02-copia-1024x683.jpg 1024w, https:\/\/franruizarquitectos.com\/wp-content\/uploads\/2026\/08\/20220223_902021_LA-PLATEA_INTERIOR_02-copia-768x512.jpg 768w, https:\/\/franruizarquitectos.com\/wp-content\/uploads\/2026\/08\/20220223_902021_LA-PLATEA_INTERIOR_02-copia-1536x1024.jpg 1536w, https:\/\/franruizarquitectos.com\/wp-content\/uploads\/2026\/08\/20220223_902021_LA-PLATEA_INTERIOR_02-copia-2048x1365.jpg 2048w\" sizes=\"(max-width: 2560px) 100vw, 2560px\">\t\t\t\t\t\t\t\t\t\t\t\t\t\t\t<\/div>\n\t\t\t\t<div class=\"elementor-element elementor-element-1aec454f elementor-widget elementor-widget-image\" data-id=\"1aec454f\" data-element_type=\"widget\" data-e-type=\"widget\" data-widget_type=\"image.default\">\n\t\t\t\t\t\t\t\t\t\t\t\t\t\t\t<img loading=\"lazy\" decoding=\"async\" width=\"2560\" height=\"1707\" src=\"https:\/\/franruizarquitectos.com\/wp-content\/uploads\/2026\/08\/20220223_902021_LA-PLATEA_INTERIOR_01-copia-scaled.jpg\" class=\"attachment-full size-full wp-image-1966\" alt=\"\" srcset=\"https:\/\/franruizarquitectos.com\/wp-content\/uploads\/2026\/08\/20220223_902021_LA-PLATEA_INTERIOR_01-copia-scaled.jpg 2560w, https:\/\/franruizarquitectos.com\/wp-content\/uploads\/2026\/08\/20220223_902021_LA-PLATEA_INTERIOR_01-copia-300x200.jpg 300w, https:\/\/franruizarquitectos.com\/wp-content\/uploads\/2026\/08\/20220223_902021_LA-PLATEA_INTERIOR_01-copia-1024x683.jpg 1024w, https:\/\/franruizarquitectos.com\/wp-content\/uploads\/2026\/08\/20220223_902021_LA-PLATEA_INTERIOR_01-copia-768x512.jpg 768w, https:\/\/franruizarquitectos.com\/wp-content\/uploads\/2026\/08\/20220223_902021_LA-PLATEA_INTERIOR_01-copia-1536x1024.jpg 1536w, https:\/\/franruizarquitectos.com\/wp-content\/uploads\/2026\/08\/20220223_902021_LA-PLATEA_INTERIOR_01-copia-2048x1365.jpg 2048w\" sizes=\"(max-width: 2560px) 100vw, 2560px\">\t\t\t\t\t\t\t\t\t\t\t\t\t\t\t<\/div>\n\t\t\t\t<\/div>\n\t\t\t\t<\/div>\n\t\t","protected":false},"featured_media":1968,"parent":0,"template":"","class_list":["post-1963","proyectos","type-proyectos","status-publish","has-post-thumbnail","hentry"],"_links":{"self":[{"href":"https:\/\/franruizarquitectos.com\/en\/wp-json\/wp\/v2\/proyectos\/1963","targetHints":{"allow":["GET"]}}],"collection":[{"href":"https:\/\/franruizarquitectos.com\/en\/wp-json\/wp\/v2\/proyectos"}],"about":[{"href":"https:\/\/franruizarquitectos.com\/en\/wp-json\/wp\/v2\/types\/proyectos"}],"version-history":[{"count":4,"href":"https:\/\/franruizarquitectos.com\/en\/wp-json\/wp\/v2\/proyectos\/1963\/revisions"}],"predecessor-version":[{"id":1973,"href":"https:\/\/franruizarquitectos.com\/en\/wp-json\/wp\/v2\/proyectos\/1963\/revisions\/1973"}],"wp:featuredmedia":[{"embeddable":true,"href":"https:\/\/franruizarquitectos.com\/en\/wp-json\/wp\/v2\/media\/1968"}],"wp:attachment":[{"href":"https:\/\/franruizarquitectos.com\/en\/wp-json\/wp\/v2\/media?parent=1963"}],"curies":[{"name":"wp","href":"https:\/\/api.w.org\/{rel}","templated":true}]}}