{"id":1713,"date":"2026-04-28T08:42:58","date_gmt":"2026-04-28T06:42:58","guid":{"rendered":"https:\/\/franruizarquitectos.com\/?post_type=proyectos&#038;p=1713"},"modified":"2026-04-28T08:52:45","modified_gmt":"2026-04-28T06:52:45","slug":"complejo-serrano-la-plata","status":"publish","type":"proyectos","link":"https:\/\/franruizarquitectos.com\/en\/proyectos\/complejo-serrano-la-plata\/","title":{"rendered":"Complejo SERRANO LA PLATA"},"content":{"rendered":"\t\t<div data-elementor-type=\"wp-post\" data-elementor-id=\"1713\" class=\"elementor elementor-1713\" data-elementor-post-type=\"proyectos\">\n\t\t\t\t<div class=\"elementor-element elementor-element-15257250 e-con-full e-flex e-con e-parent\" data-id=\"15257250\" data-element_type=\"container\" data-e-type=\"container\">\n\t\t\t\t<div class=\"elementor-element elementor-element-50473404 elementor-widget elementor-widget-image\" data-id=\"50473404\" data-element_type=\"widget\" data-e-type=\"widget\" data-widget_type=\"image.default\">\n\t\t\t\t\t\t\t\t\t\t\t\t\t\t\t<img fetchpriority=\"high\" decoding=\"async\" width=\"1677\" height=\"938\" src=\"https:\/\/franruizarquitectos.com\/wp-content\/uploads\/2026\/04\/Entrada-copia.jpg\" class=\"attachment-full size-full wp-image-1719\" alt=\"\" srcset=\"https:\/\/franruizarquitectos.com\/wp-content\/uploads\/2026\/04\/Entrada-copia.jpg 1677w, https:\/\/franruizarquitectos.com\/wp-content\/uploads\/2026\/04\/Entrada-copia-300x168.jpg 300w, https:\/\/franruizarquitectos.com\/wp-content\/uploads\/2026\/04\/Entrada-copia-1024x573.jpg 1024w, https:\/\/franruizarquitectos.com\/wp-content\/uploads\/2026\/04\/Entrada-copia-768x430.jpg 768w, https:\/\/franruizarquitectos.com\/wp-content\/uploads\/2026\/04\/Entrada-copia-1536x859.jpg 1536w\" sizes=\"(max-width: 1677px) 100vw, 1677px\">\t\t\t\t\t\t\t\t\t\t\t\t\t\t\t<\/div>\n\t\t\t\t<div class=\"elementor-element elementor-element-7220f471 elementor-widget elementor-widget-heading\" data-id=\"7220f471\" data-element_type=\"widget\" data-e-type=\"widget\" data-widget_type=\"heading.default\">\n\t\t\t\t\t<h2 class=\"elementor-heading-title elementor-size-default\"> Fran Ruiz Arquitectos<\/h2>\t\t\t\t<\/div>\n\t\t\t\t<div class=\"elementor-element elementor-element-18f60603 elementor-widget elementor-widget-heading\" data-id=\"18f60603\" data-element_type=\"widget\" data-e-type=\"widget\" data-widget_type=\"heading.default\">\n\t\t\t\t\t<h2 class=\"elementor-heading-title elementor-size-default\">Complejo SERRANO LA PLATA<\/h2>\t\t\t\t<\/div>\n\t\t<div class=\"elementor-element elementor-element-10b8d37e e-flex e-con-boxed e-con e-child\" data-id=\"10b8d37e\" data-element_type=\"container\" data-e-type=\"container\">\n\t\t\t\t\t<div class=\"e-con-inner\">\n\t\t<div class=\"elementor-element elementor-element-67662978 e-con-full e-flex e-con e-child\" data-id=\"67662978\" data-element_type=\"container\" data-e-type=\"container\" data-settings=\"{&quot;background_background&quot;:&quot;classic&quot;}\">\n\t\t\t\t<div class=\"elementor-element elementor-element-7b05da6f tit_ elementor-widget elementor-widget-heading\" data-id=\"7b05da6f\" data-element_type=\"widget\" data-e-type=\"widget\" data-widget_type=\"heading.default\">\n\t\t\t\t\t<div class=\"elementor-heading-title elementor-size-default\">A\u00d1O<\/div>\t\t\t\t<\/div>\n\t\t\t\t<div class=\"elementor-element elementor-element-3f3f3e8f elementor-widget elementor-widget-heading\" data-id=\"3f3f3e8f\" data-element_type=\"widget\" data-e-type=\"widget\" data-widget_type=\"heading.default\">\n\t\t\t\t\t<div class=\"elementor-heading-title elementor-size-default\">2026<\/div>\t\t\t\t<\/div>\n\t\t\t\t<\/div>\n\t\t<div class=\"elementor-element elementor-element-557ce7ba e-con-full e-flex e-con e-child\" data-id=\"557ce7ba\" data-element_type=\"container\" data-e-type=\"container\" data-settings=\"{&quot;background_background&quot;:&quot;classic&quot;}\">\n\t\t\t\t<div class=\"elementor-element elementor-element-4ed65108 tit_ elementor-widget elementor-widget-heading\" data-id=\"4ed65108\" data-element_type=\"widget\" data-e-type=\"widget\" data-widget_type=\"heading.default\">\n\t\t\t\t\t<div class=\"elementor-heading-title elementor-size-default\"> LOCALIZACI\u00d3N <\/div>\t\t\t\t<\/div>\n\t\t\t\t<div class=\"elementor-element elementor-element-1ff4c89f elementor-widget elementor-widget-heading\" data-id=\"1ff4c89f\" data-element_type=\"widget\" data-e-type=\"widget\" data-widget_type=\"heading.default\">\n\t\t\t\t\t<div class=\"elementor-heading-title elementor-size-default\">ALHAUR\u00cdN DE LA TORRE<\/div>\t\t\t\t<\/div>\n\t\t\t\t<\/div>\n\t\t<div class=\"elementor-element elementor-element-39c81576 e-con-full e-flex e-con e-child\" data-id=\"39c81576\" data-element_type=\"container\" data-e-type=\"container\" data-settings=\"{&quot;background_background&quot;:&quot;classic&quot;}\">\n\t\t\t\t<div class=\"elementor-element elementor-element-344dcd43 tit_ elementor-widget elementor-widget-heading\" data-id=\"344dcd43\" data-element_type=\"widget\" data-e-type=\"widget\" data-widget_type=\"heading.default\">\n\t\t\t\t\t<div class=\"elementor-heading-title elementor-size-default\"> CATEGORIA <\/div>\t\t\t\t<\/div>\n\t\t\t\t<div class=\"elementor-element elementor-element-3e2fecf5 elementor-widget elementor-widget-heading\" data-id=\"3e2fecf5\" data-element_type=\"widget\" data-e-type=\"widget\" data-widget_type=\"heading.default\">\n\t\t\t\t\t<div class=\"elementor-heading-title elementor-size-default\">COMPLEJO RESIDENCIAL<\/div>\t\t\t\t<\/div>\n\t\t\t\t<\/div>\n\t\t<div class=\"elementor-element elementor-element-7775a741 e-con-full e-flex e-con e-child\" data-id=\"7775a741\" data-element_type=\"container\" data-e-type=\"container\" data-settings=\"{&quot;background_background&quot;:&quot;classic&quot;}\">\n\t\t\t\t<div class=\"elementor-element elementor-element-48606111 tit_ elementor-widget elementor-widget-heading\" data-id=\"48606111\" data-element_type=\"widget\" data-e-type=\"widget\" data-widget_type=\"heading.default\">\n\t\t\t\t\t<div class=\"elementor-heading-title elementor-size-default\"> ARQUITECTO <\/div>\t\t\t\t<\/div>\n\t\t\t\t<div class=\"elementor-element elementor-element-4fb4acb1 elementor-widget elementor-widget-heading\" data-id=\"4fb4acb1\" data-element_type=\"widget\" data-e-type=\"widget\" data-widget_type=\"heading.default\">\n\t\t\t\t\t<div class=\"elementor-heading-title elementor-size-default\">\n\nFran Ruiz Arquitectos\n<\/div>\t\t\t\t<\/div>\n\t\t\t\t<\/div>\n\t\t\t\t\t<\/div>\n\t\t\t\t<\/div>\n\t\t\t\t<div class=\"elementor-element elementor-element-3bc05deb elementor-widget elementor-widget-image\" data-id=\"3bc05deb\" data-element_type=\"widget\" data-e-type=\"widget\" data-widget_type=\"image.default\">\n\t\t\t\t\t\t\t\t\t\t\t\t\t\t\t<img decoding=\"async\" width=\"2055\" height=\"765\" src=\"https:\/\/franruizarquitectos.com\/wp-content\/uploads\/2026\/04\/Isometrica-lateral-copia.jpg\" class=\"attachment-full size-full wp-image-1720\" alt=\"\" srcset=\"https:\/\/franruizarquitectos.com\/wp-content\/uploads\/2026\/04\/Isometrica-lateral-copia.jpg 2055w, https:\/\/franruizarquitectos.com\/wp-content\/uploads\/2026\/04\/Isometrica-lateral-copia-300x112.jpg 300w, https:\/\/franruizarquitectos.com\/wp-content\/uploads\/2026\/04\/Isometrica-lateral-copia-1024x381.jpg 1024w, https:\/\/franruizarquitectos.com\/wp-content\/uploads\/2026\/04\/Isometrica-lateral-copia-768x286.jpg 768w, https:\/\/franruizarquitectos.com\/wp-content\/uploads\/2026\/04\/Isometrica-lateral-copia-1536x572.jpg 1536w, https:\/\/franruizarquitectos.com\/wp-content\/uploads\/2026\/04\/Isometrica-lateral-copia-2048x762.jpg 2048w\" sizes=\"(max-width: 2055px) 100vw, 2055px\">\t\t\t\t\t\t\t\t\t\t\t\t\t\t\t<\/div>\n\t\t\t\t<div class=\"elementor-element elementor-element-6d3a6028 elementor-widget__width-initial elementor-widget elementor-widget-text-editor\" data-id=\"6d3a6028\" data-element_type=\"widget\" data-e-type=\"widget\" data-widget_type=\"text-editor.default\">\n\t\t\t\t\t\t\t\t\t<p>Un exclusivo complejo residencial concebido para ofrecer bienestar, convivencia y calidad de vida en todas sus etapas, donde un espacio \u00fanico donde la vida universitaria y el confort residencial se integran en perfecta armon\u00eda con la naturaleza en Alhaur\u00edn de la Torre.<\/p><p>El acceso principal al recinto se realiza a trav\u00e9s de un elegante puesto de control que da paso al vial central, eje vertebrador que conecta de manera c\u00f3moda y eficiente todas las instalaciones. Como complemento, una red de senderos peatonales serpentea entre jardines y zonas verdes, invitando a pasear, desconectar y disfrutar del entorno, as\u00ed el residente encuentra m\u00faltiples espacios dise\u00f1ados para el ocio y la contemplaci\u00f3n: \u00e1reas de picnic, lagos artificiales, terrazas exteriores y agradables restaurantes al aire libre convierten cada paseo en una experiencia.<\/p><p>El complejo est\u00e1 formado por tres edificaciones principales: dos residencias orientadas a estancias diurnas y permanentes, y una moderna residencia universitaria. Aunque cada edificio responde a necesidades distintas, todos comparten una filosof\u00eda com\u00fan basada en la amplitud, la luminosidad y la funcionalidad de los espacios.<\/p><p>Cada residencia recibe a sus usuarios con un gran vest\u00edbulo central de generosas dimensiones, concebido como punto de bienvenida, recepci\u00f3n y n\u00facleo distribuidor del edificio. A su alrededor se organizan de forma natural los distintos servicios: elegantes comedores, lavander\u00edas, salas comunes, espacios de atenci\u00f3n personalizada y todas aquellas prestaciones necesarias para garantizar una experiencia c\u00f3moda, pr\u00e1ctica y plenamente satisfactoria.<\/p><p>La actividad f\u00edsica y el bienestar ocupan tambi\u00e9n un lugar protagonista. Junto a las residencias de d\u00eda y noche se sit\u00faan modernas instalaciones deportivas con pistas de pickleball, p\u00e1del y petanca, adem\u00e1s de un completo polideportivo cubierto preparado para m\u00faltiples disciplinas. En la zona universitaria, el dinamismo se traslada a sus propias pistas deportivas exteriores, pensadas para fomentar el deporte, la convivencia y el estilo de vida activo entre estudiantes.<\/p><p>Las \u00e1reas m\u00e1s tranquilas y alejadas del n\u00facleo principal se reservan para propuestas singulares de ocio y relajaci\u00f3n. All\u00ed se encuentra la zona ecuestre, dise\u00f1ada para el disfrute de actividades vinculadas al caballo, as\u00ed como un exclusivo mirador desde el que contemplar la belleza del paisaje y los atardeceres de la sierra.<\/p><p>Para quienes buscan una mayor independencia, el complejo dispone adem\u00e1s de apartamentos privados de dos dormitorios, concebidos para reproducir la comodidad de una vivienda propia. Estas unidades residenciales representan la opci\u00f3n ideal para visitas prolongadas o para residentes que desean disfrutar de todos los servicios e instalaciones del complejo manteniendo al mismo tiempo privacidad y autonom\u00eda.<\/p><p>Naturaleza, confort, actividad y comunidad se unen en este enclave excepcional para crear un nuevo concepto residencial donde cada detalle est\u00e1 pensado para vivir mejor.<\/p>\t\t\t\t\t\t\t\t<\/div>\n\t\t\t\t<div class=\"elementor-element elementor-element-41cb9085 elementor-widget elementor-widget-image\" data-id=\"41cb9085\" data-element_type=\"widget\" data-e-type=\"widget\" data-widget_type=\"image.default\">\n\t\t\t\t\t\t\t\t\t\t\t\t\t\t\t<img decoding=\"async\" width=\"1704\" height=\"923\" src=\"https:\/\/franruizarquitectos.com\/wp-content\/uploads\/2026\/04\/Recepcion-01-01-copia.jpg\" class=\"attachment-full size-full wp-image-1716\" alt=\"\" srcset=\"https:\/\/franruizarquitectos.com\/wp-content\/uploads\/2026\/04\/Recepcion-01-01-copia.jpg 1704w, https:\/\/franruizarquitectos.com\/wp-content\/uploads\/2026\/04\/Recepcion-01-01-copia-300x163.jpg 300w, https:\/\/franruizarquitectos.com\/wp-content\/uploads\/2026\/04\/Recepcion-01-01-copia-1024x555.jpg 1024w, https:\/\/franruizarquitectos.com\/wp-content\/uploads\/2026\/04\/Recepcion-01-01-copia-768x416.jpg 768w, https:\/\/franruizarquitectos.com\/wp-content\/uploads\/2026\/04\/Recepcion-01-01-copia-1536x832.jpg 1536w\" sizes=\"(max-width: 1704px) 100vw, 1704px\">\t\t\t\t\t\t\t\t\t\t\t\t\t\t\t<\/div>\n\t\t\t\t<div class=\"elementor-element elementor-element-49953b elementor-widget elementor-widget-image\" data-id=\"49953b\" data-element_type=\"widget\" data-e-type=\"widget\" data-widget_type=\"image.default\">\n\t\t\t\t\t\t\t\t\t\t\t\t\t\t\t<img loading=\"lazy\" decoding=\"async\" width=\"982\" height=\"947\" src=\"https:\/\/franruizarquitectos.com\/wp-content\/uploads\/2026\/04\/Recepcion-01-02-copia.jpg\" class=\"attachment-full size-full wp-image-1717\" alt=\"\" srcset=\"https:\/\/franruizarquitectos.com\/wp-content\/uploads\/2026\/04\/Recepcion-01-02-copia.jpg 982w, https:\/\/franruizarquitectos.com\/wp-content\/uploads\/2026\/04\/Recepcion-01-02-copia-300x289.jpg 300w, https:\/\/franruizarquitectos.com\/wp-content\/uploads\/2026\/04\/Recepcion-01-02-copia-768x741.jpg 768w\" sizes=\"(max-width: 982px) 100vw, 982px\">\t\t\t\t\t\t\t\t\t\t\t\t\t\t\t<\/div>\n\t\t\t\t<div class=\"elementor-element elementor-element-6a7b32bf elementor-widget elementor-widget-image\" data-id=\"6a7b32bf\" data-element_type=\"widget\" data-e-type=\"widget\" data-widget_type=\"image.default\">\n\t\t\t\t\t\t\t\t\t\t\t\t\t\t\t<img loading=\"lazy\" decoding=\"async\" width=\"1024\" height=\"799\" src=\"https:\/\/franruizarquitectos.com\/wp-content\/uploads\/2026\/04\/Patio-exterior-propuesta-02-02-copia.jpg\" class=\"attachment-full size-full wp-image-1721\" alt=\"\" srcset=\"https:\/\/franruizarquitectos.com\/wp-content\/uploads\/2026\/04\/Patio-exterior-propuesta-02-02-copia.jpg 1024w, https:\/\/franruizarquitectos.com\/wp-content\/uploads\/2026\/04\/Patio-exterior-propuesta-02-02-copia-300x234.jpg 300w, https:\/\/franruizarquitectos.com\/wp-content\/uploads\/2026\/04\/Patio-exterior-propuesta-02-02-copia-768x599.jpg 768w\" sizes=\"(max-width: 1024px) 100vw, 1024px\">\t\t\t\t\t\t\t\t\t\t\t\t\t\t\t<\/div>\n\t\t\t\t<div class=\"elementor-element elementor-element-c6b01e4 elementor-widget elementor-widget-image\" data-id=\"c6b01e4\" data-element_type=\"widget\" data-e-type=\"widget\" data-widget_type=\"image.default\">\n\t\t\t\t\t\t\t\t\t\t\t\t\t\t\t<img loading=\"lazy\" decoding=\"async\" width=\"1420\" height=\"1108\" src=\"https:\/\/franruizarquitectos.com\/wp-content\/uploads\/2026\/04\/Patio-exterior-propuesta-02-01-copia.jpg\" class=\"attachment-full size-full wp-image-1715\" alt=\"\" srcset=\"https:\/\/franruizarquitectos.com\/wp-content\/uploads\/2026\/04\/Patio-exterior-propuesta-02-01-copia.jpg 1420w, https:\/\/franruizarquitectos.com\/wp-content\/uploads\/2026\/04\/Patio-exterior-propuesta-02-01-copia-300x234.jpg 300w, https:\/\/franruizarquitectos.com\/wp-content\/uploads\/2026\/04\/Patio-exterior-propuesta-02-01-copia-1024x799.jpg 1024w, https:\/\/franruizarquitectos.com\/wp-content\/uploads\/2026\/04\/Patio-exterior-propuesta-02-01-copia-768x599.jpg 768w\" sizes=\"(max-width: 1420px) 100vw, 1420px\">\t\t\t\t\t\t\t\t\t\t\t\t\t\t\t<\/div>\n\t\t\t\t<div class=\"elementor-element elementor-element-37b9f5e elementor-widget elementor-widget-image\" data-id=\"37b9f5e\" data-element_type=\"widget\" data-e-type=\"widget\" data-widget_type=\"image.default\">\n\t\t\t\t\t\t\t\t\t\t\t\t\t\t\t<img loading=\"lazy\" decoding=\"async\" width=\"956\" height=\"675\" src=\"https:\/\/franruizarquitectos.com\/wp-content\/uploads\/2026\/04\/Unifamiliar-copia.jpg\" class=\"attachment-full size-full wp-image-1718\" alt=\"\" srcset=\"https:\/\/franruizarquitectos.com\/wp-content\/uploads\/2026\/04\/Unifamiliar-copia.jpg 956w, https:\/\/franruizarquitectos.com\/wp-content\/uploads\/2026\/04\/Unifamiliar-copia-300x212.jpg 300w, https:\/\/franruizarquitectos.com\/wp-content\/uploads\/2026\/04\/Unifamiliar-copia-768x542.jpg 768w\" sizes=\"(max-width: 956px) 100vw, 956px\">\t\t\t\t\t\t\t\t\t\t\t\t\t\t\t<\/div>\n\t\t\t\t<\/div>\n\t\t\t\t<\/div>\n\t\t","protected":false},"featured_media":1719,"parent":0,"template":"","class_list":["post-1713","proyectos","type-proyectos","status-publish","has-post-thumbnail","hentry"],"_links":{"self":[{"href":"https:\/\/franruizarquitectos.com\/en\/wp-json\/wp\/v2\/proyectos\/1713","targetHints":{"allow":["GET"]}}],"collection":[{"href":"https:\/\/franruizarquitectos.com\/en\/wp-json\/wp\/v2\/proyectos"}],"about":[{"href":"https:\/\/franruizarquitectos.com\/en\/wp-json\/wp\/v2\/types\/proyectos"}],"version-history":[{"count":4,"href":"https:\/\/franruizarquitectos.com\/en\/wp-json\/wp\/v2\/proyectos\/1713\/revisions"}],"predecessor-version":[{"id":1724,"href":"https:\/\/franruizarquitectos.com\/en\/wp-json\/wp\/v2\/proyectos\/1713\/revisions\/1724"}],"wp:featuredmedia":[{"embeddable":true,"href":"https:\/\/franruizarquitectos.com\/en\/wp-json\/wp\/v2\/media\/1719"}],"wp:attachment":[{"href":"https:\/\/franruizarquitectos.com\/en\/wp-json\/wp\/v2\/media?parent=1713"}],"curies":[{"name":"wp","href":"https:\/\/api.w.org\/{rel}","templated":true}]}}