{"id":1563,"date":"2026-04-20T10:47:44","date_gmt":"2026-04-20T08:47:44","guid":{"rendered":"https:\/\/franruizarquitectos.com\/?post_type=proyectos&#038;p=1563"},"modified":"2026-04-20T10:50:01","modified_gmt":"2026-04-20T08:50:01","slug":"villas-timon","status":"publish","type":"proyectos","link":"https:\/\/franruizarquitectos.com\/en\/proyectos\/villas-timon\/","title":{"rendered":"Villas tim\u00f3n"},"content":{"rendered":"\t\t<div data-elementor-type=\"wp-post\" data-elementor-id=\"1563\" class=\"elementor elementor-1563\" data-elementor-post-type=\"proyectos\">\n\t\t\t\t<div class=\"elementor-element elementor-element-3165c2b e-con-full e-flex e-con e-parent\" data-id=\"3165c2b\" data-element_type=\"container\" data-e-type=\"container\">\n\t\t\t\t<div class=\"elementor-element elementor-element-432f48cb elementor-widget elementor-widget-image\" data-id=\"432f48cb\" data-element_type=\"widget\" data-e-type=\"widget\" data-widget_type=\"image.default\">\n\t\t\t\t\t\t\t\t\t\t\t\t\t\t\t<img fetchpriority=\"high\" decoding=\"async\" width=\"2476\" height=\"1692\" src=\"https:\/\/franruizarquitectos.com\/wp-content\/uploads\/2026\/04\/23073_VILLAS-TIMON_WEB_02.jpg\" class=\"attachment-full size-full wp-image-1565\" alt=\"\" srcset=\"https:\/\/franruizarquitectos.com\/wp-content\/uploads\/2026\/04\/23073_VILLAS-TIMON_WEB_02.jpg 2476w, https:\/\/franruizarquitectos.com\/wp-content\/uploads\/2026\/04\/23073_VILLAS-TIMON_WEB_02-300x205.jpg 300w, https:\/\/franruizarquitectos.com\/wp-content\/uploads\/2026\/04\/23073_VILLAS-TIMON_WEB_02-1024x700.jpg 1024w, https:\/\/franruizarquitectos.com\/wp-content\/uploads\/2026\/04\/23073_VILLAS-TIMON_WEB_02-768x525.jpg 768w, https:\/\/franruizarquitectos.com\/wp-content\/uploads\/2026\/04\/23073_VILLAS-TIMON_WEB_02-1536x1050.jpg 1536w, https:\/\/franruizarquitectos.com\/wp-content\/uploads\/2026\/04\/23073_VILLAS-TIMON_WEB_02-2048x1400.jpg 2048w\" sizes=\"(max-width: 2476px) 100vw, 2476px\">\t\t\t\t\t\t\t\t\t\t\t\t\t\t\t<\/div>\n\t\t\t\t<div class=\"elementor-element elementor-element-4636653c elementor-widget elementor-widget-heading\" data-id=\"4636653c\" data-element_type=\"widget\" data-e-type=\"widget\" data-widget_type=\"heading.default\">\n\t\t\t\t\t<h2 class=\"elementor-heading-title elementor-size-default\"> Fran Ruiz Arquitectos<\/h2>\t\t\t\t<\/div>\n\t\t\t\t<div class=\"elementor-element elementor-element-4b7294b7 elementor-widget elementor-widget-heading\" data-id=\"4b7294b7\" data-element_type=\"widget\" data-e-type=\"widget\" data-widget_type=\"heading.default\">\n\t\t\t\t\t<h2 class=\"elementor-heading-title elementor-size-default\">VILLAS TIM\u00d3N<\/h2>\t\t\t\t<\/div>\n\t\t<div class=\"elementor-element elementor-element-4e99a345 e-flex e-con-boxed e-con e-child\" data-id=\"4e99a345\" data-element_type=\"container\" data-e-type=\"container\">\n\t\t\t\t\t<div class=\"e-con-inner\">\n\t\t<div class=\"elementor-element elementor-element-2c0e171f e-con-full e-flex e-con e-child\" data-id=\"2c0e171f\" data-element_type=\"container\" data-e-type=\"container\" data-settings=\"{&quot;background_background&quot;:&quot;classic&quot;}\">\n\t\t\t\t<div class=\"elementor-element elementor-element-579abd96 tit_ elementor-widget elementor-widget-heading\" data-id=\"579abd96\" data-element_type=\"widget\" data-e-type=\"widget\" data-widget_type=\"heading.default\">\n\t\t\t\t\t<div class=\"elementor-heading-title elementor-size-default\">A\u00d1O<\/div>\t\t\t\t<\/div>\n\t\t\t\t<div class=\"elementor-element elementor-element-4411425b elementor-widget elementor-widget-heading\" data-id=\"4411425b\" data-element_type=\"widget\" data-e-type=\"widget\" data-widget_type=\"heading.default\">\n\t\t\t\t\t<div class=\"elementor-heading-title elementor-size-default\">2025<\/div>\t\t\t\t<\/div>\n\t\t\t\t<\/div>\n\t\t<div class=\"elementor-element elementor-element-7a5f737f e-con-full e-flex e-con e-child\" data-id=\"7a5f737f\" data-element_type=\"container\" data-e-type=\"container\" data-settings=\"{&quot;background_background&quot;:&quot;classic&quot;}\">\n\t\t\t\t<div class=\"elementor-element elementor-element-14648c80 tit_ elementor-widget elementor-widget-heading\" data-id=\"14648c80\" data-element_type=\"widget\" data-e-type=\"widget\" data-widget_type=\"heading.default\">\n\t\t\t\t\t<div class=\"elementor-heading-title elementor-size-default\"> LOCALIZACI\u00d3N <\/div>\t\t\t\t<\/div>\n\t\t\t\t<div class=\"elementor-element elementor-element-48016143 elementor-widget elementor-widget-heading\" data-id=\"48016143\" data-element_type=\"widget\" data-e-type=\"widget\" data-widget_type=\"heading.default\">\n\t\t\t\t\t<div class=\"elementor-heading-title elementor-size-default\">ALHAUR\u00cdN DE LA TORRE<\/div>\t\t\t\t<\/div>\n\t\t\t\t<\/div>\n\t\t<div class=\"elementor-element elementor-element-128cc367 e-con-full e-flex e-con e-child\" data-id=\"128cc367\" data-element_type=\"container\" data-e-type=\"container\" data-settings=\"{&quot;background_background&quot;:&quot;classic&quot;}\">\n\t\t\t\t<div class=\"elementor-element elementor-element-2e5e71e9 tit_ elementor-widget elementor-widget-heading\" data-id=\"2e5e71e9\" data-element_type=\"widget\" data-e-type=\"widget\" data-widget_type=\"heading.default\">\n\t\t\t\t\t<div class=\"elementor-heading-title elementor-size-default\"> CATEGORIA <\/div>\t\t\t\t<\/div>\n\t\t\t\t<div class=\"elementor-element elementor-element-67c200b9 elementor-widget elementor-widget-heading\" data-id=\"67c200b9\" data-element_type=\"widget\" data-e-type=\"widget\" data-widget_type=\"heading.default\">\n\t\t\t\t\t<div class=\"elementor-heading-title elementor-size-default\">UnifamiliarES PAREADAS<\/div>\t\t\t\t<\/div>\n\t\t\t\t<\/div>\n\t\t<div class=\"elementor-element elementor-element-270569f1 e-con-full e-flex e-con e-child\" data-id=\"270569f1\" data-element_type=\"container\" data-e-type=\"container\" data-settings=\"{&quot;background_background&quot;:&quot;classic&quot;}\">\n\t\t\t\t<div class=\"elementor-element elementor-element-789d95cd tit_ elementor-widget elementor-widget-heading\" data-id=\"789d95cd\" data-element_type=\"widget\" data-e-type=\"widget\" data-widget_type=\"heading.default\">\n\t\t\t\t\t<div class=\"elementor-heading-title elementor-size-default\"> ARQUITECTO <\/div>\t\t\t\t<\/div>\n\t\t\t\t<div class=\"elementor-element elementor-element-5bdae7d8 elementor-widget elementor-widget-heading\" data-id=\"5bdae7d8\" data-element_type=\"widget\" data-e-type=\"widget\" data-widget_type=\"heading.default\">\n\t\t\t\t\t<div class=\"elementor-heading-title elementor-size-default\">\n\nFran Ruiz Arquitectos\n<\/div>\t\t\t\t<\/div>\n\t\t\t\t<\/div>\n\t\t\t\t\t<\/div>\n\t\t\t\t<\/div>\n\t\t\t\t<div class=\"elementor-element elementor-element-17b8dd79 elementor-widget elementor-widget-image\" data-id=\"17b8dd79\" data-element_type=\"widget\" data-e-type=\"widget\" data-widget_type=\"image.default\">\n\t\t\t\t\t\t\t\t\t\t\t\t\t\t\t<img decoding=\"async\" width=\"2560\" height=\"853\" src=\"https:\/\/franruizarquitectos.com\/wp-content\/uploads\/2026\/04\/23073_VILLAS-TIMON_WEB_06-scaled.jpg\" class=\"attachment-full size-full wp-image-1567\" alt=\"\" srcset=\"https:\/\/franruizarquitectos.com\/wp-content\/uploads\/2026\/04\/23073_VILLAS-TIMON_WEB_06-scaled.jpg 2560w, https:\/\/franruizarquitectos.com\/wp-content\/uploads\/2026\/04\/23073_VILLAS-TIMON_WEB_06-300x100.jpg 300w, https:\/\/franruizarquitectos.com\/wp-content\/uploads\/2026\/04\/23073_VILLAS-TIMON_WEB_06-1024x341.jpg 1024w, https:\/\/franruizarquitectos.com\/wp-content\/uploads\/2026\/04\/23073_VILLAS-TIMON_WEB_06-768x256.jpg 768w, https:\/\/franruizarquitectos.com\/wp-content\/uploads\/2026\/04\/23073_VILLAS-TIMON_WEB_06-1536x512.jpg 1536w, https:\/\/franruizarquitectos.com\/wp-content\/uploads\/2026\/04\/23073_VILLAS-TIMON_WEB_06-2048x683.jpg 2048w\" sizes=\"(max-width: 2560px) 100vw, 2560px\">\t\t\t\t\t\t\t\t\t\t\t\t\t\t\t<\/div>\n\t\t\t\t<div class=\"elementor-element elementor-element-1eb7ddff elementor-widget__width-initial elementor-widget elementor-widget-text-editor\" data-id=\"1eb7ddff\" data-element_type=\"widget\" data-e-type=\"widget\" data-widget_type=\"text-editor.default\">\n\t\t\t\t\t\t\t\t\t<p>Enclavadas en el apacible entorno de\u00a0<strong>Retamar, Alhaur\u00edn de la Torre<\/strong>, se alzan dos elegantes viviendas pareadas dise\u00f1adas con un estilo moderno, pensadas para ofrecer comodidad, est\u00e9tica y calidad de vida. Estas propiedades han sido construidas con especial atenci\u00f3n a los detalles, tanto en su arquitectura como en sus acabados, y est\u00e1n orientadas al mercado de venta como hogares familiares.<\/p><p><strong>Exterior: elegancia contempor\u00e1nea en armon\u00eda con el entorno<\/strong><\/p><p>Desde el primer vistazo, las viviendas destacan por su cuidada est\u00e9tica exterior. La fachada combina\u00a0<strong>revestimientos de piedra natural<\/strong>\u00a0con\u00a0<strong>pintura en tono taupe<\/strong>, una elecci\u00f3n crom\u00e1tica sobria y c\u00e1lida que se complementa armoniosamente con la\u00a0<strong>carpinter\u00eda exterior en color antracita<\/strong>. Al acceder a la parcela, el visitante se encuentra con una\u00a0<strong>zona exterior dise\u00f1ada para el disfrute y el bienestar<\/strong>. En primer plano, la\u00a0<strong>piscina privada<\/strong>, acompa\u00f1ada de una\u00a0<strong>zona de playa<\/strong>, invita al descanso y al ocio en familia o con amigos. Frente a ella, un\u00a0<strong>porche cubierto<\/strong>\u00a0se erige como un espacio ideal para ubicar el comedor exterior, protegido del sol directo pero abierto al entorno. Este rinc\u00f3n es perfecto para almuerzos al aire libre, cenas veraniegas o simplemente para relajarse disfrutando de la brisa. Desde esta zona, una escalera posterior desciende hasta una\u00a0<strong>acogedora \u00e1rea de chill-out<\/strong>, un espacio m\u00e1s \u00edntimo y reservado, ideal para reuniones m\u00e1s relajadas o momentos de desconexi\u00f3n.<\/p><p><strong>Interior: amplitud, luz y distribuci\u00f3n funcional<\/strong><\/p><p>Las viviendas se organizan en\u00a0<strong>tres plantas<\/strong>, pensadas para adaptarse a las necesidades de la vida moderna sin renunciar al confort y la est\u00e9tica.<\/p><p><strong>S\u00f3tano<\/strong>\u00a0est\u00e1 concebido como un espacio vers\u00e1til. Al fondo, un\u00a0<strong>almac\u00e9n cerrado<\/strong>\u00a0permite el almacenamiento de objetos menos usados o de temporada, mientras que el resto del s\u00f3tano se presenta como un\u00a0<strong>espacio di\u00e1fano tipo trastero<\/strong>. Gracias a\u00a0<strong>ventanas orientadas hacia la zona de chill-out<\/strong>, esta planta cuenta con\u00a0<strong>ventilaci\u00f3n e iluminaci\u00f3n natural<\/strong>, lo que incrementa su valor como zona de desahogo, gimnasio, sala de juegos o incluso estudio creativo, seg\u00fan las necesidades.<strong>Planta baja\u00a0<\/strong>donde un\u00a0<strong>amplio sal\u00f3n-cocina-comedor de concepto abierto<\/strong>\u00a0domina la escena. Este espacio fluido y luminoso ha sido dise\u00f1ado para fomentar la vida en com\u00fan, conectando las funciones de cocina, descanso y convivencia sin barreras visuales. Los grandes ventanales permiten una relaci\u00f3n directa con el exterior, integrando el paisaje de la piscina y el porche en el interior de la vivienda.En esta misma planta, de forma m\u00e1s privada y reservada, se encuentra un\u00a0<strong>dormitorio adicional y un ba\u00f1o completo<\/strong>, conectados mediante un\u00a0<strong>distribuidor<\/strong>\u00a0que aporta intimidad y funcionalidad. Esta disposici\u00f3n es ideal tanto para invitados como para personas con movilidad reducida o que prefieran evitar escaleras.<strong>Primera planta\u00a0<\/strong>se accede a la zona m\u00e1s \u00edntima del hogar: los dormitorios principales. Esta planta alberga\u00a0<strong>dos habitaciones<\/strong>. Una de ellas en\u00a0<strong>suite<\/strong>, que cuenta con su propio\u00a0<strong>ba\u00f1o privado y un vestidor independiente<\/strong>, configurando un refugio perfecto para los propietarios. La segunda habitaci\u00f3n se apoya en un\u00a0<strong>ba\u00f1o principal completo<\/strong>, compartido, pero de f\u00e1cil acceso.Desde esta planta se accede tambi\u00e9n a una\u00a0<strong>terraza de grandes dimensiones<\/strong>, que ofrece vistas abiertas al entorno y se convierte en otro espacio exterior con m\u00faltiples posibilidades.<\/p><p>Estas viviendas pareadas representan una oportunidad \u00fanica para adquirir un hogar de alta calidad, donde el dise\u00f1o, la funcionalidad y la est\u00e9tica se funden en un entorno natural privilegiado. Son ideales para quienes buscan un equilibrio entre el interior acogedor y un exterior pensado para vivirlo plenamente.<\/p>\t\t\t\t\t\t\t\t<\/div>\n\t\t\t\t<div class=\"elementor-element elementor-element-ff78924 elementor-widget elementor-widget-image\" data-id=\"ff78924\" data-element_type=\"widget\" data-e-type=\"widget\" data-widget_type=\"image.default\">\n\t\t\t\t\t\t\t\t\t\t\t\t\t\t\t<img decoding=\"async\" width=\"1788\" height=\"1800\" src=\"https:\/\/franruizarquitectos.com\/wp-content\/uploads\/2026\/04\/23073_VILLAS-TIMON_WEB_04.jpg\" class=\"attachment-full size-full wp-image-1566\" alt=\"\" srcset=\"https:\/\/franruizarquitectos.com\/wp-content\/uploads\/2026\/04\/23073_VILLAS-TIMON_WEB_04.jpg 1788w, https:\/\/franruizarquitectos.com\/wp-content\/uploads\/2026\/04\/23073_VILLAS-TIMON_WEB_04-298x300.jpg 298w, https:\/\/franruizarquitectos.com\/wp-content\/uploads\/2026\/04\/23073_VILLAS-TIMON_WEB_04-1017x1024.jpg 1017w, https:\/\/franruizarquitectos.com\/wp-content\/uploads\/2026\/04\/23073_VILLAS-TIMON_WEB_04-150x150.jpg 150w, https:\/\/franruizarquitectos.com\/wp-content\/uploads\/2026\/04\/23073_VILLAS-TIMON_WEB_04-768x773.jpg 768w, https:\/\/franruizarquitectos.com\/wp-content\/uploads\/2026\/04\/23073_VILLAS-TIMON_WEB_04-1526x1536.jpg 1526w\" sizes=\"(max-width: 1788px) 100vw, 1788px\">\t\t\t\t\t\t\t\t\t\t\t\t\t\t\t<\/div>\n\t\t\t\t<div class=\"elementor-element elementor-element-3d53e51 elementor-widget elementor-widget-image\" data-id=\"3d53e51\" data-element_type=\"widget\" data-e-type=\"widget\" data-widget_type=\"image.default\">\n\t\t\t\t\t\t\t\t\t\t\t\t\t\t\t<img loading=\"lazy\" decoding=\"async\" width=\"2560\" height=\"1440\" src=\"https:\/\/franruizarquitectos.com\/wp-content\/uploads\/2026\/04\/23073_VILLAS-TIMON_WEB_07-scaled.jpg\" class=\"attachment-full size-full wp-image-1568\" alt=\"\" srcset=\"https:\/\/franruizarquitectos.com\/wp-content\/uploads\/2026\/04\/23073_VILLAS-TIMON_WEB_07-scaled.jpg 2560w, https:\/\/franruizarquitectos.com\/wp-content\/uploads\/2026\/04\/23073_VILLAS-TIMON_WEB_07-300x169.jpg 300w, https:\/\/franruizarquitectos.com\/wp-content\/uploads\/2026\/04\/23073_VILLAS-TIMON_WEB_07-1024x576.jpg 1024w, https:\/\/franruizarquitectos.com\/wp-content\/uploads\/2026\/04\/23073_VILLAS-TIMON_WEB_07-768x432.jpg 768w, https:\/\/franruizarquitectos.com\/wp-content\/uploads\/2026\/04\/23073_VILLAS-TIMON_WEB_07-1536x864.jpg 1536w, https:\/\/franruizarquitectos.com\/wp-content\/uploads\/2026\/04\/23073_VILLAS-TIMON_WEB_07-2048x1152.jpg 2048w\" sizes=\"(max-width: 2560px) 100vw, 2560px\">\t\t\t\t\t\t\t\t\t\t\t\t\t\t\t<\/div>\n\t\t\t\t<\/div>\n\t\t\t\t<\/div>\n\t\t","protected":false},"featured_media":1565,"parent":0,"template":"","class_list":["post-1563","proyectos","type-proyectos","status-publish","has-post-thumbnail","hentry"],"_links":{"self":[{"href":"https:\/\/franruizarquitectos.com\/en\/wp-json\/wp\/v2\/proyectos\/1563","targetHints":{"allow":["GET"]}}],"collection":[{"href":"https:\/\/franruizarquitectos.com\/en\/wp-json\/wp\/v2\/proyectos"}],"about":[{"href":"https:\/\/franruizarquitectos.com\/en\/wp-json\/wp\/v2\/types\/proyectos"}],"version-history":[{"count":4,"href":"https:\/\/franruizarquitectos.com\/en\/wp-json\/wp\/v2\/proyectos\/1563\/revisions"}],"predecessor-version":[{"id":1571,"href":"https:\/\/franruizarquitectos.com\/en\/wp-json\/wp\/v2\/proyectos\/1563\/revisions\/1571"}],"wp:featuredmedia":[{"embeddable":true,"href":"https:\/\/franruizarquitectos.com\/en\/wp-json\/wp\/v2\/media\/1565"}],"wp:attachment":[{"href":"https:\/\/franruizarquitectos.com\/en\/wp-json\/wp\/v2\/media?parent=1563"}],"curies":[{"name":"wp","href":"https:\/\/api.w.org\/{rel}","templated":true}]}}