{"id":1552,"date":"2026-04-17T13:43:38","date_gmt":"2026-04-17T11:43:38","guid":{"rendered":"https:\/\/franruizarquitectos.com\/?post_type=proyectos&#038;p=1552"},"modified":"2026-04-17T13:47:42","modified_gmt":"2026-04-17T11:47:42","slug":"villa-vegvisir","status":"publish","type":"proyectos","link":"https:\/\/franruizarquitectos.com\/en\/proyectos\/villa-vegvisir\/","title":{"rendered":"Villa VEGVISIR"},"content":{"rendered":"\t\t<div data-elementor-type=\"wp-post\" data-elementor-id=\"1552\" class=\"elementor elementor-1552\" data-elementor-post-type=\"proyectos\">\n\t\t\t\t<div class=\"elementor-element elementor-element-3b6bf7 e-con-full e-flex e-con e-parent\" data-id=\"3b6bf7\" data-element_type=\"container\" data-e-type=\"container\">\n\t\t\t\t<div class=\"elementor-element elementor-element-584066a8 elementor-widget elementor-widget-image\" data-id=\"584066a8\" data-element_type=\"widget\" data-e-type=\"widget\" data-widget_type=\"image.default\">\n\t\t\t\t\t\t\t\t\t\t\t\t\t\t\t<img fetchpriority=\"high\" decoding=\"async\" width=\"2560\" height=\"1440\" src=\"https:\/\/franruizarquitectos.com\/wp-content\/uploads\/2026\/04\/20250331_20061_PROYECTO-BASICO_VILLA-SUNSET_02-copia.jpg\" class=\"attachment-full size-full wp-image-1555\" alt=\"\" srcset=\"https:\/\/franruizarquitectos.com\/wp-content\/uploads\/2026\/04\/20250331_20061_PROYECTO-BASICO_VILLA-SUNSET_02-copia.jpg 2560w, https:\/\/franruizarquitectos.com\/wp-content\/uploads\/2026\/04\/20250331_20061_PROYECTO-BASICO_VILLA-SUNSET_02-copia-300x169.jpg 300w, https:\/\/franruizarquitectos.com\/wp-content\/uploads\/2026\/04\/20250331_20061_PROYECTO-BASICO_VILLA-SUNSET_02-copia-1024x576.jpg 1024w, https:\/\/franruizarquitectos.com\/wp-content\/uploads\/2026\/04\/20250331_20061_PROYECTO-BASICO_VILLA-SUNSET_02-copia-768x432.jpg 768w, https:\/\/franruizarquitectos.com\/wp-content\/uploads\/2026\/04\/20250331_20061_PROYECTO-BASICO_VILLA-SUNSET_02-copia-1536x864.jpg 1536w, https:\/\/franruizarquitectos.com\/wp-content\/uploads\/2026\/04\/20250331_20061_PROYECTO-BASICO_VILLA-SUNSET_02-copia-2048x1152.jpg 2048w\" sizes=\"(max-width: 2560px) 100vw, 2560px\">\t\t\t\t\t\t\t\t\t\t\t\t\t\t\t<\/div>\n\t\t\t\t<div class=\"elementor-element elementor-element-4d2719d8 elementor-widget elementor-widget-heading\" data-id=\"4d2719d8\" data-element_type=\"widget\" data-e-type=\"widget\" data-widget_type=\"heading.default\">\n\t\t\t\t\t<h2 class=\"elementor-heading-title elementor-size-default\"> Fran Ruiz Arquitectos<\/h2>\t\t\t\t<\/div>\n\t\t\t\t<div class=\"elementor-element elementor-element-3f425723 elementor-widget elementor-widget-heading\" data-id=\"3f425723\" data-element_type=\"widget\" data-e-type=\"widget\" data-widget_type=\"heading.default\">\n\t\t\t\t\t<h2 class=\"elementor-heading-title elementor-size-default\">VILLA VEGVISIR<\/h2>\t\t\t\t<\/div>\n\t\t<div class=\"elementor-element elementor-element-2e60d761 e-flex e-con-boxed e-con e-child\" data-id=\"2e60d761\" data-element_type=\"container\" data-e-type=\"container\">\n\t\t\t\t\t<div class=\"e-con-inner\">\n\t\t<div class=\"elementor-element elementor-element-2d1526b9 e-con-full e-flex e-con e-child\" data-id=\"2d1526b9\" data-element_type=\"container\" data-e-type=\"container\" data-settings=\"{&quot;background_background&quot;:&quot;classic&quot;}\">\n\t\t\t\t<div class=\"elementor-element elementor-element-5643337b tit_ elementor-widget elementor-widget-heading\" data-id=\"5643337b\" data-element_type=\"widget\" data-e-type=\"widget\" data-widget_type=\"heading.default\">\n\t\t\t\t\t<div class=\"elementor-heading-title elementor-size-default\">A\u00d1O<\/div>\t\t\t\t<\/div>\n\t\t\t\t<div class=\"elementor-element elementor-element-29f4423b elementor-widget elementor-widget-heading\" data-id=\"29f4423b\" data-element_type=\"widget\" data-e-type=\"widget\" data-widget_type=\"heading.default\">\n\t\t\t\t\t<div class=\"elementor-heading-title elementor-size-default\">2021<\/div>\t\t\t\t<\/div>\n\t\t\t\t<\/div>\n\t\t<div class=\"elementor-element elementor-element-4ef99797 e-con-full e-flex e-con e-child\" data-id=\"4ef99797\" data-element_type=\"container\" data-e-type=\"container\" data-settings=\"{&quot;background_background&quot;:&quot;classic&quot;}\">\n\t\t\t\t<div class=\"elementor-element elementor-element-7190a448 tit_ elementor-widget elementor-widget-heading\" data-id=\"7190a448\" data-element_type=\"widget\" data-e-type=\"widget\" data-widget_type=\"heading.default\">\n\t\t\t\t\t<div class=\"elementor-heading-title elementor-size-default\"> LOCALIZACI\u00d3N <\/div>\t\t\t\t<\/div>\n\t\t\t\t<div class=\"elementor-element elementor-element-7f04134 elementor-widget elementor-widget-heading\" data-id=\"7f04134\" data-element_type=\"widget\" data-e-type=\"widget\" data-widget_type=\"heading.default\">\n\t\t\t\t\t<div class=\"elementor-heading-title elementor-size-default\">BENALM\u00c1DENA<\/div>\t\t\t\t<\/div>\n\t\t\t\t<\/div>\n\t\t<div class=\"elementor-element elementor-element-55e030d9 e-con-full e-flex e-con e-child\" data-id=\"55e030d9\" data-element_type=\"container\" data-e-type=\"container\" data-settings=\"{&quot;background_background&quot;:&quot;classic&quot;}\">\n\t\t\t\t<div class=\"elementor-element elementor-element-7d095b87 tit_ elementor-widget elementor-widget-heading\" data-id=\"7d095b87\" data-element_type=\"widget\" data-e-type=\"widget\" data-widget_type=\"heading.default\">\n\t\t\t\t\t<div class=\"elementor-heading-title elementor-size-default\"> CATEGORIA <\/div>\t\t\t\t<\/div>\n\t\t\t\t<div class=\"elementor-element elementor-element-12c7aff2 elementor-widget elementor-widget-heading\" data-id=\"12c7aff2\" data-element_type=\"widget\" data-e-type=\"widget\" data-widget_type=\"heading.default\">\n\t\t\t\t\t<div class=\"elementor-heading-title elementor-size-default\">\n\nUnifamiliar Aislada\n<\/div>\t\t\t\t<\/div>\n\t\t\t\t<\/div>\n\t\t<div class=\"elementor-element elementor-element-25656cf3 e-con-full e-flex e-con e-child\" data-id=\"25656cf3\" data-element_type=\"container\" data-e-type=\"container\" data-settings=\"{&quot;background_background&quot;:&quot;classic&quot;}\">\n\t\t\t\t<div class=\"elementor-element elementor-element-12b7118b tit_ elementor-widget elementor-widget-heading\" data-id=\"12b7118b\" data-element_type=\"widget\" data-e-type=\"widget\" data-widget_type=\"heading.default\">\n\t\t\t\t\t<div class=\"elementor-heading-title elementor-size-default\"> ARQUITECTO <\/div>\t\t\t\t<\/div>\n\t\t\t\t<div class=\"elementor-element elementor-element-6fba9529 elementor-widget elementor-widget-heading\" data-id=\"6fba9529\" data-element_type=\"widget\" data-e-type=\"widget\" data-widget_type=\"heading.default\">\n\t\t\t\t\t<div class=\"elementor-heading-title elementor-size-default\">\n\nFran Ruiz Arquitectos\n<\/div>\t\t\t\t<\/div>\n\t\t\t\t<\/div>\n\t\t\t\t\t<\/div>\n\t\t\t\t<\/div>\n\t\t\t\t<div class=\"elementor-element elementor-element-8fdf5f5 elementor-widget elementor-widget-image\" data-id=\"8fdf5f5\" data-element_type=\"widget\" data-e-type=\"widget\" data-widget_type=\"image.default\">\n\t\t\t\t\t\t\t\t\t\t\t\t\t\t\t<img decoding=\"async\" width=\"2560\" height=\"1440\" src=\"https:\/\/franruizarquitectos.com\/wp-content\/uploads\/2026\/04\/20250331_20061_PROYECTO-BASICO_VILLA-SUNSET_01-copia.jpg\" class=\"attachment-full size-full wp-image-1554\" alt=\"\" srcset=\"https:\/\/franruizarquitectos.com\/wp-content\/uploads\/2026\/04\/20250331_20061_PROYECTO-BASICO_VILLA-SUNSET_01-copia.jpg 2560w, https:\/\/franruizarquitectos.com\/wp-content\/uploads\/2026\/04\/20250331_20061_PROYECTO-BASICO_VILLA-SUNSET_01-copia-300x169.jpg 300w, https:\/\/franruizarquitectos.com\/wp-content\/uploads\/2026\/04\/20250331_20061_PROYECTO-BASICO_VILLA-SUNSET_01-copia-1024x576.jpg 1024w, https:\/\/franruizarquitectos.com\/wp-content\/uploads\/2026\/04\/20250331_20061_PROYECTO-BASICO_VILLA-SUNSET_01-copia-768x432.jpg 768w, https:\/\/franruizarquitectos.com\/wp-content\/uploads\/2026\/04\/20250331_20061_PROYECTO-BASICO_VILLA-SUNSET_01-copia-1536x864.jpg 1536w, https:\/\/franruizarquitectos.com\/wp-content\/uploads\/2026\/04\/20250331_20061_PROYECTO-BASICO_VILLA-SUNSET_01-copia-2048x1152.jpg 2048w\" sizes=\"(max-width: 2560px) 100vw, 2560px\">\t\t\t\t\t\t\t\t\t\t\t\t\t\t\t<\/div>\n\t\t\t\t<div class=\"elementor-element elementor-element-5626f360 elementor-widget__width-initial elementor-widget elementor-widget-text-editor\" data-id=\"5626f360\" data-element_type=\"widget\" data-e-type=\"widget\" data-widget_type=\"text-editor.default\">\n\t\t\t\t\t\t\t\t\t<p>Villa Vegvisir, ubicada en <strong>SantAngelo, Benalm\u00e1dena<\/strong>, se concibe como una integraci\u00f3n entre la arquitectura contempor\u00e1nea y la topograf\u00eda natural del terreno, ya que aprovecha la pendiente existente para organizar <strong>plataformas exteriores a distintos niveles<\/strong>, generando recorridos din\u00e1micos y zonas de estancia que se abren progresivamente hacia el paisaje. En el acceso, se encuentra un <strong>aparcamiento descubierto<\/strong>, dispuesto sobre una superficie pavimentada y acompa\u00f1ado de <strong>zonas ajardinadas<\/strong> que suavizan la transici\u00f3n entre lo urbano y lo natural. Desde este punto, el visitante percibe ya el car\u00e1cter mediterr\u00e1neo de la vivienda gracias al uso de <strong>materiales nobles<\/strong>: la <strong>madera<\/strong> en paramentos verticales y detalles, la <strong>piedra<\/strong> en muros de contenci\u00f3n y revestimientos, y la <strong>pintura blanca<\/strong> que otorga luminosidad y continuidad est\u00e9tica, dialogando con la arquitectura tradicional andaluza.<\/p><p>En el extremo opuesto de la parcela se ubica la <strong>piscina infinity<\/strong>, concebida como un mirador sobre el mar, reforzando la sensaci\u00f3n de elevaci\u00f3n y amplitud. En torno a ella se despliegan <strong>porches cubiertos<\/strong> que act\u00faan como extensiones del interior, destinados a comedor exterior, \u00e1reas de descanso y espacios de relax, todos ellos enmarcados por un panorama privilegiado.<\/p><p>\u00a0<\/p><p>\u00a0<\/p><p>El <strong>interior de la vivienda<\/strong> se organiza en tres niveles:<\/p><p><strong>El S\u00f3tano <\/strong>est\u00e1 concebido como un espacio di\u00e1fano y flexible, pensado para albergar diferentes funciones seg\u00fan las necesidades de sus ocupantes: gimnasio, sala de ocio, almacenamiento o un taller. Al ingresar en la <strong>planta baja<\/strong> se sit\u00faa un ba\u00f1o de uso pr\u00e1ctico y discreto. Desde all\u00ed, el recorrido conduce al <strong>amplio sal\u00f3n-comedor<\/strong>, espacio vertebrador que conecta visual y f\u00edsicamente con la <strong>cocina<\/strong>. Esta \u00faltima se dispone estrat\u00e9gicamente junto a los porches exteriores, facilitando el tr\u00e1nsito interior-exterior y potenciando la vida al aire libre. La escalera en U nos conduce hasta la<strong> planta primera<\/strong>, donde un generoso distribuidor, que adquiere valor propio como espacio vers\u00e1til de uso secundario (zona de lectura, estudio o estar). Este nivel se completa con un <strong>ba\u00f1o amplio<\/strong>, un <strong>vestidor independiente <\/strong>con acceso exterior y <strong>dos dormitorios<\/strong> de gran tama\u00f1o, ambos conectados con terrazas privadas que maximizan la <strong>orientaci\u00f3n \u00f3ptima<\/strong> y las vistas hacia el mar y el entorno.<\/p><p>En conjunto, la vivienda se plantea como una arquitectura que <strong>dialoga con el relieve<\/strong> y que articula la vida interior y exterior de manera equilibrada. La selecci\u00f3n de materiales, la claridad volum\u00e9trica y la disposici\u00f3n de espacios exteriores en distintos niveles refuerzan la sensaci\u00f3n de continuidad entre la casa, la naturaleza y el paisaje mediterr\u00e1neo con la intenci\u00f3n de crear una experiencia que englobe cada espacio de esta.<\/p>\t\t\t\t\t\t\t\t<\/div>\n\t\t\t\t<div class=\"elementor-element elementor-element-632032d8 elementor-widget elementor-widget-image\" data-id=\"632032d8\" data-element_type=\"widget\" data-e-type=\"widget\" data-widget_type=\"image.default\">\n\t\t\t\t\t\t\t\t\t\t\t\t\t\t\t<img decoding=\"async\" width=\"2560\" height=\"1700\" src=\"https:\/\/franruizarquitectos.com\/wp-content\/uploads\/2026\/04\/20250331_20061_PROYECTO-BASICO_VILLA-SUNSET_03-copia.jpg\" class=\"attachment-full size-full wp-image-1556\" alt=\"\" srcset=\"https:\/\/franruizarquitectos.com\/wp-content\/uploads\/2026\/04\/20250331_20061_PROYECTO-BASICO_VILLA-SUNSET_03-copia.jpg 2560w, https:\/\/franruizarquitectos.com\/wp-content\/uploads\/2026\/04\/20250331_20061_PROYECTO-BASICO_VILLA-SUNSET_03-copia-300x199.jpg 300w, https:\/\/franruizarquitectos.com\/wp-content\/uploads\/2026\/04\/20250331_20061_PROYECTO-BASICO_VILLA-SUNSET_03-copia-1024x680.jpg 1024w, https:\/\/franruizarquitectos.com\/wp-content\/uploads\/2026\/04\/20250331_20061_PROYECTO-BASICO_VILLA-SUNSET_03-copia-768x510.jpg 768w, https:\/\/franruizarquitectos.com\/wp-content\/uploads\/2026\/04\/20250331_20061_PROYECTO-BASICO_VILLA-SUNSET_03-copia-1536x1020.jpg 1536w, https:\/\/franruizarquitectos.com\/wp-content\/uploads\/2026\/04\/20250331_20061_PROYECTO-BASICO_VILLA-SUNSET_03-copia-2048x1360.jpg 2048w\" sizes=\"(max-width: 2560px) 100vw, 2560px\">\t\t\t\t\t\t\t\t\t\t\t\t\t\t\t<\/div>\n\t\t\t\t<div class=\"elementor-element elementor-element-671c0cb8 elementor-widget elementor-widget-image\" data-id=\"671c0cb8\" data-element_type=\"widget\" data-e-type=\"widget\" data-widget_type=\"image.default\">\n\t\t\t\t\t\t\t\t\t\t\t\t\t\t\t<img loading=\"lazy\" decoding=\"async\" width=\"2209\" height=\"1440\" src=\"https:\/\/franruizarquitectos.com\/wp-content\/uploads\/2026\/04\/20250331_20061_PROYECTO-BASICO_VILLA-SUNSET_05-copia.jpg\" class=\"attachment-full size-full wp-image-1558\" alt=\"\" srcset=\"https:\/\/franruizarquitectos.com\/wp-content\/uploads\/2026\/04\/20250331_20061_PROYECTO-BASICO_VILLA-SUNSET_05-copia.jpg 2209w, https:\/\/franruizarquitectos.com\/wp-content\/uploads\/2026\/04\/20250331_20061_PROYECTO-BASICO_VILLA-SUNSET_05-copia-300x196.jpg 300w, https:\/\/franruizarquitectos.com\/wp-content\/uploads\/2026\/04\/20250331_20061_PROYECTO-BASICO_VILLA-SUNSET_05-copia-1024x668.jpg 1024w, https:\/\/franruizarquitectos.com\/wp-content\/uploads\/2026\/04\/20250331_20061_PROYECTO-BASICO_VILLA-SUNSET_05-copia-768x501.jpg 768w, https:\/\/franruizarquitectos.com\/wp-content\/uploads\/2026\/04\/20250331_20061_PROYECTO-BASICO_VILLA-SUNSET_05-copia-1536x1001.jpg 1536w, https:\/\/franruizarquitectos.com\/wp-content\/uploads\/2026\/04\/20250331_20061_PROYECTO-BASICO_VILLA-SUNSET_05-copia-2048x1335.jpg 2048w\" sizes=\"(max-width: 2209px) 100vw, 2209px\">\t\t\t\t\t\t\t\t\t\t\t\t\t\t\t<\/div>\n\t\t\t\t<div class=\"elementor-element elementor-element-4ebfc0dd elementor-widget elementor-widget-image\" data-id=\"4ebfc0dd\" data-element_type=\"widget\" data-e-type=\"widget\" data-widget_type=\"image.default\">\n\t\t\t\t\t\t\t\t\t\t\t\t\t\t\t<img loading=\"lazy\" decoding=\"async\" width=\"2209\" height=\"1440\" src=\"https:\/\/franruizarquitectos.com\/wp-content\/uploads\/2026\/04\/20250331_20061_PROYECTO-BASICO_VILLA-SUNSET_05-copia.jpg\" class=\"attachment-full size-full wp-image-1558\" alt=\"\" srcset=\"https:\/\/franruizarquitectos.com\/wp-content\/uploads\/2026\/04\/20250331_20061_PROYECTO-BASICO_VILLA-SUNSET_05-copia.jpg 2209w, https:\/\/franruizarquitectos.com\/wp-content\/uploads\/2026\/04\/20250331_20061_PROYECTO-BASICO_VILLA-SUNSET_05-copia-300x196.jpg 300w, https:\/\/franruizarquitectos.com\/wp-content\/uploads\/2026\/04\/20250331_20061_PROYECTO-BASICO_VILLA-SUNSET_05-copia-1024x668.jpg 1024w, https:\/\/franruizarquitectos.com\/wp-content\/uploads\/2026\/04\/20250331_20061_PROYECTO-BASICO_VILLA-SUNSET_05-copia-768x501.jpg 768w, https:\/\/franruizarquitectos.com\/wp-content\/uploads\/2026\/04\/20250331_20061_PROYECTO-BASICO_VILLA-SUNSET_05-copia-1536x1001.jpg 1536w, https:\/\/franruizarquitectos.com\/wp-content\/uploads\/2026\/04\/20250331_20061_PROYECTO-BASICO_VILLA-SUNSET_05-copia-2048x1335.jpg 2048w\" sizes=\"(max-width: 2209px) 100vw, 2209px\">\t\t\t\t\t\t\t\t\t\t\t\t\t\t\t<\/div>\n\t\t\t\t<\/div>\n\t\t\t\t<\/div>\n\t\t","protected":false},"featured_media":1555,"parent":0,"template":"","class_list":["post-1552","proyectos","type-proyectos","status-publish","has-post-thumbnail","hentry"],"_links":{"self":[{"href":"https:\/\/franruizarquitectos.com\/en\/wp-json\/wp\/v2\/proyectos\/1552","targetHints":{"allow":["GET"]}}],"collection":[{"href":"https:\/\/franruizarquitectos.com\/en\/wp-json\/wp\/v2\/proyectos"}],"about":[{"href":"https:\/\/franruizarquitectos.com\/en\/wp-json\/wp\/v2\/types\/proyectos"}],"version-history":[{"count":4,"href":"https:\/\/franruizarquitectos.com\/en\/wp-json\/wp\/v2\/proyectos\/1552\/revisions"}],"predecessor-version":[{"id":1561,"href":"https:\/\/franruizarquitectos.com\/en\/wp-json\/wp\/v2\/proyectos\/1552\/revisions\/1561"}],"wp:featuredmedia":[{"embeddable":true,"href":"https:\/\/franruizarquitectos.com\/en\/wp-json\/wp\/v2\/media\/1555"}],"wp:attachment":[{"href":"https:\/\/franruizarquitectos.com\/en\/wp-json\/wp\/v2\/media?parent=1552"}],"curies":[{"name":"wp","href":"https:\/\/api.w.org\/{rel}","templated":true}]}}