{"id":1141,"date":"2026-03-16T08:04:59","date_gmt":"2026-03-16T07:04:59","guid":{"rendered":"https:\/\/franruizarquitectos.com\/?post_type=proyectos&#038;p=1141"},"modified":"2026-03-17T09:45:08","modified_gmt":"2026-03-17T08:45:08","slug":"villa-lira","status":"publish","type":"proyectos","link":"https:\/\/franruizarquitectos.com\/en\/proyectos\/villa-lira\/","title":{"rendered":"Villa LIRA"},"content":{"rendered":"\t\t<div data-elementor-type=\"wp-post\" data-elementor-id=\"1141\" class=\"elementor elementor-1141\" data-elementor-post-type=\"proyectos\">\n\t\t\t\t<div class=\"elementor-element elementor-element-59f9bf82 e-con-full e-flex e-con e-parent\" data-id=\"59f9bf82\" data-element_type=\"container\" data-e-type=\"container\">\n\t\t\t\t<div class=\"elementor-element elementor-element-748078ee elementor-widget elementor-widget-image\" data-id=\"748078ee\" data-element_type=\"widget\" data-e-type=\"widget\" data-widget_type=\"image.default\">\n\t\t\t\t\t\t\t\t\t\t\t\t\t\t\t<img decoding=\"async\" src=\"https:\/\/franruizarquitectos.com\/wp-content\/uploads\/2026\/03\/240414_23073_VILLAS-TIMON_01-WEB.jpg\" class=\"attachment-full size-full wp-image-1143\" alt=\"\">\t\t\t\t\t\t\t\t\t\t\t\t\t\t\t<\/div>\n\t\t\t\t<div class=\"elementor-element elementor-element-7f396321 elementor-widget elementor-widget-heading\" data-id=\"7f396321\" data-element_type=\"widget\" data-e-type=\"widget\" data-widget_type=\"heading.default\">\n\t\t\t\t\t<h2 class=\"elementor-heading-title elementor-size-default\"> Fran Ruiz Arquitectos<\/h2>\t\t\t\t<\/div>\n\t\t\t\t<div class=\"elementor-element elementor-element-7bf4c481 elementor-widget elementor-widget-heading\" data-id=\"7bf4c481\" data-element_type=\"widget\" data-e-type=\"widget\" data-widget_type=\"heading.default\">\n\t\t\t\t\t<h2 class=\"elementor-heading-title elementor-size-default\">VILLA LIRA<\/h2>\t\t\t\t<\/div>\n\t\t<div class=\"elementor-element elementor-element-2976cb98 e-flex e-con-boxed e-con e-child\" data-id=\"2976cb98\" data-element_type=\"container\" data-e-type=\"container\">\n\t\t\t\t\t<div class=\"e-con-inner\">\n\t\t<div class=\"elementor-element elementor-element-75d96a71 e-con-full e-flex e-con e-child\" data-id=\"75d96a71\" data-element_type=\"container\" data-e-type=\"container\" data-settings=\"{&quot;background_background&quot;:&quot;classic&quot;}\">\n\t\t\t\t<div class=\"elementor-element elementor-element-45e0f5aa tit_ elementor-widget elementor-widget-heading\" data-id=\"45e0f5aa\" data-element_type=\"widget\" data-e-type=\"widget\" data-widget_type=\"heading.default\">\n\t\t\t\t\t<div class=\"elementor-heading-title elementor-size-default\">A\u00d1O<\/div>\t\t\t\t<\/div>\n\t\t\t\t<div class=\"elementor-element elementor-element-7a969494 elementor-widget elementor-widget-heading\" data-id=\"7a969494\" data-element_type=\"widget\" data-e-type=\"widget\" data-widget_type=\"heading.default\">\n\t\t\t\t\t<div class=\"elementor-heading-title elementor-size-default\">2026<\/div>\t\t\t\t<\/div>\n\t\t\t\t<\/div>\n\t\t<div class=\"elementor-element elementor-element-10f60e5f e-con-full e-flex e-con e-child\" data-id=\"10f60e5f\" data-element_type=\"container\" data-e-type=\"container\" data-settings=\"{&quot;background_background&quot;:&quot;classic&quot;}\">\n\t\t\t\t<div class=\"elementor-element elementor-element-6eec7406 tit_ elementor-widget elementor-widget-heading\" data-id=\"6eec7406\" data-element_type=\"widget\" data-e-type=\"widget\" data-widget_type=\"heading.default\">\n\t\t\t\t\t<div class=\"elementor-heading-title elementor-size-default\"> LOCALIZACI\u00d3N <\/div>\t\t\t\t<\/div>\n\t\t\t\t<div class=\"elementor-element elementor-element-6d3b43ac elementor-widget elementor-widget-heading\" data-id=\"6d3b43ac\" data-element_type=\"widget\" data-e-type=\"widget\" data-widget_type=\"heading.default\">\n\t\t\t\t\t<div class=\"elementor-heading-title elementor-size-default\">ALHAUR\u00cdN DE LA TORRE<\/div>\t\t\t\t<\/div>\n\t\t\t\t<\/div>\n\t\t<div class=\"elementor-element elementor-element-cd49619 e-con-full e-flex e-con e-child\" data-id=\"cd49619\" data-element_type=\"container\" data-e-type=\"container\" data-settings=\"{&quot;background_background&quot;:&quot;classic&quot;}\">\n\t\t\t\t<div class=\"elementor-element elementor-element-7d5f09a tit_ elementor-widget elementor-widget-heading\" data-id=\"7d5f09a\" data-element_type=\"widget\" data-e-type=\"widget\" data-widget_type=\"heading.default\">\n\t\t\t\t\t<div class=\"elementor-heading-title elementor-size-default\"> CATEGORIA <\/div>\t\t\t\t<\/div>\n\t\t\t\t<div class=\"elementor-element elementor-element-5ab9913 elementor-widget elementor-widget-heading\" data-id=\"5ab9913\" data-element_type=\"widget\" data-e-type=\"widget\" data-widget_type=\"heading.default\">\n\t\t\t\t\t<div class=\"elementor-heading-title elementor-size-default\">Unifamiliar PAREADA<\/div>\t\t\t\t<\/div>\n\t\t\t\t<\/div>\n\t\t<div class=\"elementor-element elementor-element-134ef12c e-con-full e-flex e-con e-child\" data-id=\"134ef12c\" data-element_type=\"container\" data-e-type=\"container\" data-settings=\"{&quot;background_background&quot;:&quot;classic&quot;}\">\n\t\t\t\t<div class=\"elementor-element elementor-element-6eaa8fe6 tit_ elementor-widget elementor-widget-heading\" data-id=\"6eaa8fe6\" data-element_type=\"widget\" data-e-type=\"widget\" data-widget_type=\"heading.default\">\n\t\t\t\t\t<div class=\"elementor-heading-title elementor-size-default\"> ARQUITECTO <\/div>\t\t\t\t<\/div>\n\t\t\t\t<div class=\"elementor-element elementor-element-513d0349 elementor-widget elementor-widget-heading\" data-id=\"513d0349\" data-element_type=\"widget\" data-e-type=\"widget\" data-widget_type=\"heading.default\">\n\t\t\t\t\t<div class=\"elementor-heading-title elementor-size-default\">\n\nFran Ruiz Arquitectos\n<\/div>\t\t\t\t<\/div>\n\t\t\t\t<\/div>\n\t\t\t\t\t<\/div>\n\t\t\t\t<\/div>\n\t\t\t\t<div class=\"elementor-element elementor-element-4a6e983d elementor-widget elementor-widget-image\" data-id=\"4a6e983d\" data-element_type=\"widget\" data-e-type=\"widget\" data-widget_type=\"image.default\">\n\t\t\t\t\t\t\t\t\t\t\t\t\t\t\t<img decoding=\"async\" src=\"https:\/\/franruizarquitectos.com\/wp-content\/uploads\/2026\/03\/240414_23073_VILLAS-TIMON_03-WEB.jpg\" class=\"attachment-full size-full wp-image-1144\" alt=\"\">\t\t\t\t\t\t\t\t\t\t\t\t\t\t\t<\/div>\n\t\t\t\t<div class=\"elementor-element elementor-element-22f14567 elementor-widget__width-initial elementor-widget elementor-widget-text-editor\" data-id=\"22f14567\" data-element_type=\"widget\" data-e-type=\"widget\" data-widget_type=\"text-editor.default\">\n\t\t\t\t\t\t\t\t\t<p><strong>VILLA LIRA<\/strong>\u00a0se alza como una elegante villa unifamiliar de estilo moderno, concebida para ofrecer el m\u00e1ximo confort, una est\u00e9tica cuidada y una excelente calidad de vida. Esta vivienda ha sido construida con especial atenci\u00f3n a cada detalle, tanto en su dise\u00f1o arquitect\u00f3nico como en la calidad de sus acabados, y est\u00e1 orientada al disfrute familiar en una de las zonas m\u00e1s apacibles de Alhaur\u00edn de la torre.<\/p><p>Desde el primer vistazo, la villa destaca por su\u00a0<strong>arquitectura equilibrada<\/strong>\u00a0y su impecable presentaci\u00f3n exterior. La fachada combina revestimientos de piedra natural con pintura en un tono crema suave,\u00a0<strong>una elecci\u00f3n crom\u00e1tica<\/strong>\u00a0c\u00e1lida y luminosa que se complementa perfectamente con la carpinter\u00eda exterior en color antracita. Al acceder a la parcela, se descubre una\u00a0<strong>zona exterior<\/strong>\u00a0pensada para el disfrute y la relajaci\u00f3n, donde la piscina privada, acompa\u00f1ada de una zona de playa, invita a disfrutar del descanso, el ocio y los encuentros al aire libre. Frente a ella, un porche cubierto se erige como el espacio ideal para ubicar el comedor exterior, resguardado del sol, pero abierto al entorno, perfecto para comidas en familia, cenas veraniegas o momentos de desconexi\u00f3n. Desde esta zona, una escalera posterior conduce a un acogedor espacio de chill-out, un rinc\u00f3n m\u00e1s \u00edntimo y reservado, ideal para reuniones tranquilas o para disfrutar de la brisa vespertina.<\/p><p>La villa se distribuye en\u00a0<strong>tres plantas<\/strong>, dise\u00f1adas para adaptarse a las exigencias de la vida moderna sin renunciar al confort ni a la est\u00e9tica. El\u00a0<strong>s\u00f3tano<\/strong>\u00a0se concibe como un espacio vers\u00e1til, di\u00e1fano y cuenta con luz y ventilaci\u00f3n natural gracias a ventanas, lo que permite su uso como gimnasio, sala de juegos, estudio o zona de ocio seg\u00fan las necesidades del propietario. En\u00a0<strong>la planta baja<\/strong>\u00a0se encuentra el amplio sal\u00f3n-cocina-comedor de concepto abierto, un espacio fluido y luminoso pensado para fomentar la convivencia. Los grandes ventanales comunican directamente con la zona exterior, integrando el paisaje de la piscina y el porche con el interior de la vivienda. En un \u00e1rea m\u00e1s privada, se ubican un dormitorio adicional y un ba\u00f1o completo, distribuidos de forma funcional para ofrecer comodidad y accesibilidad, ideal para invitados o personas que prefieran vivir en una sola planta. En la\u00a0<strong>planta superior<\/strong>\u00a0se encuentra la zona m\u00e1s \u00edntima del hogar. Dispone de dos dormitorios, uno de ellos en suite, con ba\u00f1o privado y vestidor independiente, configurando un refugio elegante y tranquilo para los propietarios. La segunda habitaci\u00f3n cuenta con acceso a un ba\u00f1o completo de uso com\u00fan. Desde esta planta tambi\u00e9n se accede a una amplia terraza con vistas abiertas al entorno natural, que se convierte en un espacio exterior perfecto para disfrutar del clima y el paisaje.<\/p>\t\t\t\t\t\t\t\t<\/div>\n\t\t\t\t<div class=\"elementor-element elementor-element-3c53e7f9 elementor-widget elementor-widget-image\" data-id=\"3c53e7f9\" data-element_type=\"widget\" data-e-type=\"widget\" data-widget_type=\"image.default\">\n\t\t\t\t\t\t\t\t\t\t\t\t\t\t\t<img decoding=\"async\" src=\"https:\/\/franruizarquitectos.com\/wp-content\/uploads\/2026\/03\/240414_23073_VILLAS-TIMON_05-WEB.jpg\" class=\"attachment-full size-full wp-image-1145\" alt=\"\">\t\t\t\t\t\t\t\t\t\t\t\t\t\t\t<\/div>\n\t\t\t\t<\/div>\n\t\t\t\t<\/div>\n\t\t","protected":false},"featured_media":1207,"parent":0,"template":"","class_list":["post-1141","proyectos","type-proyectos","status-publish","has-post-thumbnail","hentry"],"_links":{"self":[{"href":"https:\/\/franruizarquitectos.com\/en\/wp-json\/wp\/v2\/proyectos\/1141","targetHints":{"allow":["GET"]}}],"collection":[{"href":"https:\/\/franruizarquitectos.com\/en\/wp-json\/wp\/v2\/proyectos"}],"about":[{"href":"https:\/\/franruizarquitectos.com\/en\/wp-json\/wp\/v2\/types\/proyectos"}],"version-history":[{"count":11,"href":"https:\/\/franruizarquitectos.com\/en\/wp-json\/wp\/v2\/proyectos\/1141\/revisions"}],"predecessor-version":[{"id":1155,"href":"https:\/\/franruizarquitectos.com\/en\/wp-json\/wp\/v2\/proyectos\/1141\/revisions\/1155"}],"wp:featuredmedia":[{"embeddable":true,"href":"https:\/\/franruizarquitectos.com\/en\/wp-json\/wp\/v2\/media\/1207"}],"wp:attachment":[{"href":"https:\/\/franruizarquitectos.com\/en\/wp-json\/wp\/v2\/media?parent=1141"}],"curies":[{"name":"wp","href":"https:\/\/api.w.org\/{rel}","templated":true}]}}